{"version":"1.0","provider_name":"Van Beek Schroeftransport","provider_url":"https:\/\/www.van-beek.nl\/de\/","title":"Gemeinsam interessieren wir Jugendliche f\u00fcr Technik - Van Beek Schroeftransport","type":"rich","width":600,"height":338,"html":"<blockquote class=\"wp-embedded-content\" data-secret=\"8n9ceG8RH8\"><a href=\"https:\/\/www.van-beek.nl\/de\/gemeinsam-interessieren-wir-jugendliche-fuer-technik\/\">Gemeinsam interessieren wir Jugendliche f\u00fcr Technik<\/a><\/blockquote><iframe sandbox=\"allow-scripts\" security=\"restricted\" src=\"https:\/\/www.van-beek.nl\/de\/gemeinsam-interessieren-wir-jugendliche-fuer-technik\/embed\/#?secret=8n9ceG8RH8\" width=\"600\" height=\"338\" title=\"&#8222;Gemeinsam interessieren wir Jugendliche f\u00fcr Technik&#8220; &#8211; Van Beek Schroeftransport\" data-secret=\"8n9ceG8RH8\" frameborder=\"0\" marginwidth=\"0\" marginheight=\"0\" scrolling=\"no\" class=\"wp-embedded-content\"><\/iframe><script type=\"text\/javascript\">\n\/* <![CDATA[ *\/\n\/*! This file is auto-generated *\/\n!function(d,l){\"use strict\";l.querySelector&&d.addEventListener&&\"undefined\"!=typeof URL&&(d.wp=d.wp||{},d.wp.receiveEmbedMessage||(d.wp.receiveEmbedMessage=function(e){var t=e.data;if((t||t.secret||t.message||t.value)&&!\/[^a-zA-Z0-9]\/.test(t.secret)){for(var s,r,n,a=l.querySelectorAll('iframe[data-secret=\"'+t.secret+'\"]'),o=l.querySelectorAll('blockquote[data-secret=\"'+t.secret+'\"]'),c=new RegExp(\"^https?:$\",\"i\"),i=0;i<o.length;i++)o[i].style.display=\"none\";for(i=0;i<a.length;i++)s=a[i],e.source===s.contentWindow&&(s.removeAttribute(\"style\"),\"height\"===t.message?(1e3<(r=parseInt(t.value,10))?r=1e3:~~r<200&&(r=200),s.height=r):\"link\"===t.message&&(r=new URL(s.getAttribute(\"src\")),n=new URL(t.value),c.test(n.protocol))&&n.host===r.host&&l.activeElement===s&&(d.top.location.href=t.value))}},d.addEventListener(\"message\",d.wp.receiveEmbedMessage,!1),l.addEventListener(\"DOMContentLoaded\",function(){for(var e,t,s=l.querySelectorAll(\"iframe.wp-embedded-content\"),r=0;r<s.length;r++)(t=(e=s[r]).getAttribute(\"data-secret\"))||(t=Math.random().toString(36).substring(2,12),e.src+=\"#?secret=\"+t,e.setAttribute(\"data-secret\",t)),e.contentWindow.postMessage({message:\"ready\",secret:t},\"*\")},!1)))}(window,document);\n\/\/# sourceURL=https:\/\/www.van-beek.nl\/wp-includes\/js\/wp-embed.min.js\n\/* ]]> *\/\n<\/script>\n","thumbnail_url":"https:\/\/www.van-beek.nl\/wp-content\/uploads\/2023\/06\/Jongeren-interesseren-voor-techniek-doen-we-samen.png","thumbnail_width":330,"thumbnail_height":220,"description":"Mit anderen Unternehmen und Schulen aus der Region Tilburg\/Den Bosch tun wir unser Bestes, um Jugendliche f\u00fcr Technikjobs zu begeistern. Die j\u00e4hrlichen H\u00f6hepunkte sind das Tech Challenge und der Tag der Technik (Dag van de Techniek). Technik in der Schule W\u00e4hrend des Tech Challenge entwerfen Sch\u00fcler:innengruppen von Grundschulen aus Heusden bei uns und anderen Technikbetrieben [&hellip;]"}